{"id":600,"date":"2023-09-14T00:05:43","date_gmt":"2023-09-14T03:05:43","guid":{"rendered":"http:\/\/araisa.localwp\/actualites\/"},"modified":"2025-09-18T08:06:15","modified_gmt":"2025-09-18T11:06:15","slug":"actualites","status":"publish","type":"page","link":"https:\/\/araisa.ca\/fr\/actualites\/","title":{"rendered":"Blog"},"content":{"rendered":"\n<div class=\"wp-block-group alignwide has-global-padding is-layout-constrained wp-block-group-is-layout-constrained\" style=\"margin-top:0rem;margin-bottom:4rem\">\n<p class=\"has-text-align-center\">Tenez-vous au courant des derni\u00e8res nouvelles du secteur de l&rsquo;\u00e9tablissement et de l&rsquo;int\u00e9gration et des articles de blog de l&rsquo;\u00e9quipe d&rsquo;ARAISA.<\/p>\n\n\n\n<figure class=\"wp-block-image alignwide size-large\"><img loading=\"lazy\" decoding=\"async\" width=\"1024\" height=\"540\" src=\"https:\/\/araisa.ca\/wp-content\/uploads\/2025\/01\/ARAISA_AI_ResearchColumn_Banner-1024x540.png\" alt=\"\" class=\"wp-image-5742\" srcset=\"https:\/\/araisa.ca\/wp-content\/uploads\/2025\/01\/ARAISA_AI_ResearchColumn_Banner-1024x540.png 1024w, https:\/\/araisa.ca\/wp-content\/uploads\/2025\/01\/ARAISA_AI_ResearchColumn_Banner-300x158.png 300w, https:\/\/araisa.ca\/wp-content\/uploads\/2025\/01\/ARAISA_AI_ResearchColumn_Banner-768x405.png 768w, https:\/\/araisa.ca\/wp-content\/uploads\/2025\/01\/ARAISA_AI_ResearchColumn_Banner-1536x810.png 1536w, https:\/\/araisa.ca\/wp-content\/uploads\/2025\/01\/ARAISA_AI_ResearchColumn_Banner-2048x1079.png 2048w\" sizes=\"auto, (max-width: 1024px) 100vw, 1024px\" \/><\/figure>\n\n\n\n<div class=\"wp-block-group alignwide has-global-padding is-content-justification-left is-layout-constrained wp-container-core-group-is-layout-b4b0b4ed wp-block-group-is-layout-constrained\" style=\"padding-left:40px\">\n<h4 class=\"wp-block-heading\" style=\"margin-top:0px;margin-bottom:0px\">Poste \u00e0 la une<\/h4>\n\n\n\n<h3 class=\"wp-block-heading\">Ce blog de recherche a \u00e9t\u00e9 r\u00e9dig\u00e9 par l&rsquo;IA (en quelque sorte)<\/h3>\n\n\n\n<p>L\u2019intelligence artificielle (IA) semble \u00eatre \u00e0 la fois incontournable et un sujet de discorde. Certaines personnes sont enthousiasm\u00e9es par les innombrables possibilit\u00e9s qu\u2019offre l\u2019IA; d\u2019autres sont terrifi\u00e9es; et le reste d\u2019entre nous essayons de comprendre comment l\u2019IA s\u2019int\u00e8gre dans nos routines personnelles et professionnelles. <\/p>\n\n\n\n<div class=\"wp-block-buttons is-layout-flex wp-block-buttons-is-layout-flex\">\n<div class=\"wp-block-button\"><a class=\"wp-block-button__link wp-element-button\" href=\"https:\/\/araisa.ca\/fr\/ce-blog-de-recherche-a-ete-redige-par-lia-en-quelque-sorte\/\">Lire la suite<\/a><\/div>\n<\/div>\n<\/div>\n<\/div>\n\n<div class=\"wp-block-group alignwide has-global-padding is-layout-constrained wp-block-group-is-layout-constrained\">    <div class=\"rem-latest-posts-block\">   \r\n      \r\n           \r\n\r\n      \r\n        <div class=\"latest-posts-post-grid grid_4_posts\">\r\n\r\n      \r\n      \r\n        <div class=\"post-thumb-wrapper\">\r\n          <div class=\"post-details-wrapper\">\r\n            <a href=\"https:\/\/araisa.ca\/fr\/rejoignez-lequipe-daraisa\/\" title=\"Rejoignez l&rsquo;\u00e9quipe d&rsquo;ARAISA !\">\r\n              <img loading=\"lazy\" decoding=\"async\" width=\"2880\" height=\"1518\" src=\"https:\/\/araisa.ca\/wp-content\/uploads\/2025\/03\/ARAISA_WebsiteThumbnail_Hiring.png\" class=\"attachment-post-thumbnail size-post-thumbnail wp-post-image\" alt=\"\" srcset=\"https:\/\/araisa.ca\/wp-content\/uploads\/2025\/03\/ARAISA_WebsiteThumbnail_Hiring.png 2880w, https:\/\/araisa.ca\/wp-content\/uploads\/2025\/03\/ARAISA_WebsiteThumbnail_Hiring-300x158.png 300w, https:\/\/araisa.ca\/wp-content\/uploads\/2025\/03\/ARAISA_WebsiteThumbnail_Hiring-1024x540.png 1024w, https:\/\/araisa.ca\/wp-content\/uploads\/2025\/03\/ARAISA_WebsiteThumbnail_Hiring-768x405.png 768w, https:\/\/araisa.ca\/wp-content\/uploads\/2025\/03\/ARAISA_WebsiteThumbnail_Hiring-1536x810.png 1536w, https:\/\/araisa.ca\/wp-content\/uploads\/2025\/03\/ARAISA_WebsiteThumbnail_Hiring-2048x1079.png 2048w, https:\/\/araisa.ca\/wp-content\/uploads\/2025\/03\/ARAISA_WebsiteThumbnail_Hiring-31x16.png 31w\" sizes=\"auto, (max-width: 2880px) 100vw, 2880px\" \/> \r\n            <\/a>\r\n\r\n            <div class=\"post-details\">\r\n                                \r\n\r\n                                      <ul class=\"postmeta\">\r\n                      \r\n                                              <li>\r\n                          <i class=\"fas fa-calendar\"><\/i> \r\n                          6 novembre 2025                        <\/li>\r\n                                          <\/ul>\r\n                                    \r\n                  <h3>\r\n                  <a href=\"https:\/\/araisa.ca\/fr\/rejoignez-lequipe-daraisa\/\" title=\"Rejoignez l&rsquo;\u00e9quipe d&rsquo;ARAISA !\">\r\n                      Rejoignez l&rsquo;\u00e9quipe d&rsquo;ARAISA !                    <\/a>\r\n                  <\/h3>\r\n\r\n                  ARAISA recrute ! En rejoignant ARAISA, vous rejoindrez une super \u00e9quipe !                  \r\n\r\n                              <\/div>\r\n          <\/div> \r\n\r\n                        <div class=\"read-more-wrapper\">\r\n                <a class=\"button read-more\" href=\"https:\/\/araisa.ca\/fr\/rejoignez-lequipe-daraisa\/\">Read article<\/a>\r\n              <\/div>\r\n          \r\n        <\/div>\r\n\r\n      \r\n        <div class=\"post-thumb-wrapper\">\r\n          <div class=\"post-details-wrapper\">\r\n            <a href=\"https:\/\/araisa.ca\/fr\/celebration-des-30-ans-daraisa\/\" title=\"C\u00e9l\u00e9bration des 30 ans d&rsquo;ARAISA\">\r\n              <img loading=\"lazy\" decoding=\"async\" width=\"2560\" height=\"1978\" src=\"https:\/\/araisa.ca\/wp-content\/uploads\/2025\/09\/ARAISA_30th_black_transparentbg-scaled.png\" class=\"attachment-post-thumbnail size-post-thumbnail wp-post-image\" alt=\"\" srcset=\"https:\/\/araisa.ca\/wp-content\/uploads\/2025\/09\/ARAISA_30th_black_transparentbg-scaled.png 2560w, https:\/\/araisa.ca\/wp-content\/uploads\/2025\/09\/ARAISA_30th_black_transparentbg-300x232.png 300w, https:\/\/araisa.ca\/wp-content\/uploads\/2025\/09\/ARAISA_30th_black_transparentbg-1024x791.png 1024w, https:\/\/araisa.ca\/wp-content\/uploads\/2025\/09\/ARAISA_30th_black_transparentbg-768x593.png 768w, https:\/\/araisa.ca\/wp-content\/uploads\/2025\/09\/ARAISA_30th_black_transparentbg-1536x1187.png 1536w, https:\/\/araisa.ca\/wp-content\/uploads\/2025\/09\/ARAISA_30th_black_transparentbg-2048x1583.png 2048w\" sizes=\"auto, (max-width: 2560px) 100vw, 2560px\" \/> \r\n            <\/a>\r\n\r\n            <div class=\"post-details\">\r\n                                \r\n\r\n                                      <ul class=\"postmeta\">\r\n                      \r\n                                              <li>\r\n                          <i class=\"fas fa-calendar\"><\/i> \r\n                          17 septembre 2025                        <\/li>\r\n                                          <\/ul>\r\n                                    \r\n                  <h3>\r\n                  <a href=\"https:\/\/araisa.ca\/fr\/celebration-des-30-ans-daraisa\/\" title=\"C\u00e9l\u00e9bration des 30 ans d&rsquo;ARAISA\">\r\n                      C\u00e9l\u00e9bration des 30 ans d&rsquo;ARAISA                    <\/a>\r\n                  <\/h3>\r\n\r\n                  ARAISA a eu 30 ans en mars 2024, et nous avons d\u00e9cid\u00e9 d&rsquo;\u00e9taler les c\u00e9l\u00e9brations sur toute l&rsquo;ann\u00e9e, en les\u2026                  \r\n\r\n                              <\/div>\r\n          <\/div> \r\n\r\n                        <div class=\"read-more-wrapper\">\r\n                <a class=\"button read-more\" href=\"https:\/\/araisa.ca\/fr\/celebration-des-30-ans-daraisa\/\">Read article<\/a>\r\n              <\/div>\r\n          \r\n        <\/div>\r\n\r\n      \r\n        <div class=\"post-thumb-wrapper\">\r\n          <div class=\"post-details-wrapper\">\r\n            <a href=\"https:\/\/araisa.ca\/fr\/ce-blog-de-recherche-a-ete-redige-par-lia-en-quelque-sorte\/\" title=\"Ce blog de recherche a \u00e9t\u00e9 r\u00e9dig\u00e9 par l&rsquo;IA (en quelque sorte)\">\r\n              <img loading=\"lazy\" decoding=\"async\" width=\"2880\" height=\"1518\" src=\"https:\/\/araisa.ca\/wp-content\/uploads\/2025\/01\/ARAISA_AI_ResearchColumn_Thumbnail.png\" class=\"attachment-post-thumbnail size-post-thumbnail wp-post-image\" alt=\"\" srcset=\"https:\/\/araisa.ca\/wp-content\/uploads\/2025\/01\/ARAISA_AI_ResearchColumn_Thumbnail.png 2880w, https:\/\/araisa.ca\/wp-content\/uploads\/2025\/01\/ARAISA_AI_ResearchColumn_Thumbnail-300x158.png 300w, https:\/\/araisa.ca\/wp-content\/uploads\/2025\/01\/ARAISA_AI_ResearchColumn_Thumbnail-1024x540.png 1024w, https:\/\/araisa.ca\/wp-content\/uploads\/2025\/01\/ARAISA_AI_ResearchColumn_Thumbnail-768x405.png 768w, https:\/\/araisa.ca\/wp-content\/uploads\/2025\/01\/ARAISA_AI_ResearchColumn_Thumbnail-1536x810.png 1536w, https:\/\/araisa.ca\/wp-content\/uploads\/2025\/01\/ARAISA_AI_ResearchColumn_Thumbnail-2048x1079.png 2048w\" sizes=\"auto, (max-width: 2880px) 100vw, 2880px\" \/> \r\n            <\/a>\r\n\r\n            <div class=\"post-details\">\r\n                                \r\n\r\n                                      <ul class=\"postmeta\">\r\n                      \r\n                                              <li>\r\n                          <i class=\"fas fa-calendar\"><\/i> \r\n                          14 janvier 2025                        <\/li>\r\n                                          <\/ul>\r\n                                    \r\n                  <h3>\r\n                  <a href=\"https:\/\/araisa.ca\/fr\/ce-blog-de-recherche-a-ete-redige-par-lia-en-quelque-sorte\/\" title=\"Ce blog de recherche a \u00e9t\u00e9 r\u00e9dig\u00e9 par l&rsquo;IA (en quelque sorte)\">\r\n                      Ce blog de recherche a \u00e9t\u00e9 r\u00e9dig\u00e9 par l&rsquo;IA (en quelque sorte)                    <\/a>\r\n                  <\/h3>\r\n\r\n                  Est-il appropri\u00e9 d\u2019utiliser l\u2019IA lorsque l\u2019on travaille avec des populations de nouveaux-elles arrivant-e-s? Comment pouvons-nous appliquer l\u2019IA de mani\u00e8re productive\u2026                  \r\n\r\n                              <\/div>\r\n          <\/div> \r\n\r\n                        <div class=\"read-more-wrapper\">\r\n                <a class=\"button read-more\" href=\"https:\/\/araisa.ca\/fr\/ce-blog-de-recherche-a-ete-redige-par-lia-en-quelque-sorte\/\">Read article<\/a>\r\n              <\/div>\r\n          \r\n        <\/div>\r\n\r\n      \r\n        <div class=\"post-thumb-wrapper\">\r\n          <div class=\"post-details-wrapper\">\r\n            <a href=\"https:\/\/araisa.ca\/fr\/renforcer-la-voix-des-nouveaux-arrivants-grace-a-la-photographie-participative\/\" title=\"Renforcer la voix des nouveaux arrivants gr\u00e2ce \u00e0 la photographie participative\">\r\n              <img loading=\"lazy\" decoding=\"async\" width=\"852\" height=\"528\" src=\"https:\/\/araisa.ca\/wp-content\/uploads\/2024\/10\/photography_426x264.jpg\" class=\"attachment-post-thumbnail size-post-thumbnail wp-post-image\" alt=\"\" srcset=\"https:\/\/araisa.ca\/wp-content\/uploads\/2024\/10\/photography_426x264.jpg 852w, https:\/\/araisa.ca\/wp-content\/uploads\/2024\/10\/photography_426x264-300x186.jpg 300w, https:\/\/araisa.ca\/wp-content\/uploads\/2024\/10\/photography_426x264-768x476.jpg 768w\" sizes=\"auto, (max-width: 852px) 100vw, 852px\" \/> \r\n            <\/a>\r\n\r\n            <div class=\"post-details\">\r\n                                \r\n\r\n                                      <ul class=\"postmeta\">\r\n                      \r\n                                              <li>\r\n                          <i class=\"fas fa-calendar\"><\/i> \r\n                          22 octobre 2024                        <\/li>\r\n                                          <\/ul>\r\n                                    \r\n                  <h3>\r\n                  <a href=\"https:\/\/araisa.ca\/fr\/renforcer-la-voix-des-nouveaux-arrivants-grace-a-la-photographie-participative\/\" title=\"Renforcer la voix des nouveaux arrivants gr\u00e2ce \u00e0 la photographie participative\">\r\n                      Renforcer la voix des nouveaux arrivants gr\u00e2ce \u00e0 la photographie participative                    <\/a>\r\n                  <\/h3>\r\n\r\n                  La photographie peut \u00eatre un moyen efficace de mettre en valeur les voix tout en aidant les nouveaux arrivants \u00e0\u2026                  \r\n\r\n                              <\/div>\r\n          <\/div> \r\n\r\n                        <div class=\"read-more-wrapper\">\r\n                <a class=\"button read-more\" href=\"https:\/\/araisa.ca\/fr\/renforcer-la-voix-des-nouveaux-arrivants-grace-a-la-photographie-participative\/\">Read article<\/a>\r\n              <\/div>\r\n          \r\n        <\/div>\r\n\r\n      \r\n        <div class=\"post-thumb-wrapper\">\r\n          <div class=\"post-details-wrapper\">\r\n            <a href=\"https:\/\/araisa.ca\/fr\/recherche-avec-les-nouveaux-arrivants-quelques-pratiques-reflechies\/\" title=\"Recherche avec les personnes nouvellement arriv\u00e9es &#8211; quelques pratiques r\u00e9fl\u00e9chies\">\r\n              <img loading=\"lazy\" decoding=\"async\" width=\"852\" height=\"528\" src=\"https:\/\/araisa.ca\/wp-content\/uploads\/2024\/10\/newcomer_research_426x264.jpg\" class=\"attachment-post-thumbnail size-post-thumbnail wp-post-image\" alt=\"\" srcset=\"https:\/\/araisa.ca\/wp-content\/uploads\/2024\/10\/newcomer_research_426x264.jpg 852w, https:\/\/araisa.ca\/wp-content\/uploads\/2024\/10\/newcomer_research_426x264-300x186.jpg 300w, https:\/\/araisa.ca\/wp-content\/uploads\/2024\/10\/newcomer_research_426x264-768x476.jpg 768w\" sizes=\"auto, (max-width: 852px) 100vw, 852px\" \/> \r\n            <\/a>\r\n\r\n            <div class=\"post-details\">\r\n                                \r\n\r\n                                      <ul class=\"postmeta\">\r\n                      \r\n                                              <li>\r\n                          <i class=\"fas fa-calendar\"><\/i> \r\n                          22 octobre 2024                        <\/li>\r\n                                          <\/ul>\r\n                                    \r\n                  <h3>\r\n                  <a href=\"https:\/\/araisa.ca\/fr\/recherche-avec-les-nouveaux-arrivants-quelques-pratiques-reflechies\/\" title=\"Recherche avec les personnes nouvellement arriv\u00e9es &#8211; quelques pratiques r\u00e9fl\u00e9chies\">\r\n                      Recherche avec les personnes nouvellement arriv\u00e9es &#8211; quelques pratiques r\u00e9fl\u00e9chies                    <\/a>\r\n                  <\/h3>\r\n\r\n                  Les le\u00e7ons que nous avons apprises en menant des recherches avec les FS et les personnes nouvellement arriv\u00e9es dans la\u2026                  \r\n\r\n                              <\/div>\r\n          <\/div> \r\n\r\n                        <div class=\"read-more-wrapper\">\r\n                <a class=\"button read-more\" href=\"https:\/\/araisa.ca\/fr\/recherche-avec-les-nouveaux-arrivants-quelques-pratiques-reflechies\/\">Read article<\/a>\r\n              <\/div>\r\n          \r\n        <\/div>\r\n\r\n      \r\n        <div class=\"post-thumb-wrapper\">\r\n          <div class=\"post-details-wrapper\">\r\n            <a href=\"https:\/\/araisa.ca\/fr\/partenariats-pour-la-recherche-universitaire-financement-formation-et-mobilisation\/\" title=\"Partenariats pour la recherche universitaire &#8211; Financement, formation et mobilisation\">\r\n              <img loading=\"lazy\" decoding=\"async\" width=\"852\" height=\"528\" src=\"https:\/\/araisa.ca\/wp-content\/uploads\/2024\/05\/CTA_partnership_426x264.jpg\" class=\"attachment-post-thumbnail size-post-thumbnail wp-post-image\" alt=\"\" srcset=\"https:\/\/araisa.ca\/wp-content\/uploads\/2024\/05\/CTA_partnership_426x264.jpg 852w, https:\/\/araisa.ca\/wp-content\/uploads\/2024\/05\/CTA_partnership_426x264-300x186.jpg 300w, https:\/\/araisa.ca\/wp-content\/uploads\/2024\/05\/CTA_partnership_426x264-768x476.jpg 768w\" sizes=\"auto, (max-width: 852px) 100vw, 852px\" \/> \r\n            <\/a>\r\n\r\n            <div class=\"post-details\">\r\n                                \r\n\r\n                                      <ul class=\"postmeta\">\r\n                      \r\n                                              <li>\r\n                          <i class=\"fas fa-calendar\"><\/i> \r\n                          22 mai 2024                        <\/li>\r\n                                          <\/ul>\r\n                                    \r\n                  <h3>\r\n                  <a href=\"https:\/\/araisa.ca\/fr\/partenariats-pour-la-recherche-universitaire-financement-formation-et-mobilisation\/\" title=\"Partenariats pour la recherche universitaire &#8211; Financement, formation et mobilisation\">\r\n                      Partenariats pour la recherche universitaire &#8211; Financement, formation et mobilisation                    <\/a>\r\n                  <\/h3>\r\n\r\n                  Quels sont les facteurs \u00e0 prendre en compte lorsque votre organisation est invit\u00e9e \u00e0 participer \u00e0 une recherche universitaire ?                  \r\n\r\n                              <\/div>\r\n          <\/div> \r\n\r\n                        <div class=\"read-more-wrapper\">\r\n                <a class=\"button read-more\" href=\"https:\/\/araisa.ca\/fr\/partenariats-pour-la-recherche-universitaire-financement-formation-et-mobilisation\/\">Read article<\/a>\r\n              <\/div>\r\n          \r\n        <\/div>\r\n\r\n      \r\n        <div class=\"post-thumb-wrapper\">\r\n          <div class=\"post-details-wrapper\">\r\n            <a href=\"https:\/\/araisa.ca\/fr\/recherche-ethique-avec-les-communautes-vulnerables\/\" title=\"Recherche \u00e9thique avec les communaut\u00e9s vuln\u00e9rables\">\r\n              <img loading=\"lazy\" decoding=\"async\" width=\"852\" height=\"528\" src=\"https:\/\/araisa.ca\/wp-content\/uploads\/2024\/03\/CTA_vulnerable_426x264.jpg\" class=\"attachment-post-thumbnail size-post-thumbnail wp-post-image\" alt=\"\" srcset=\"https:\/\/araisa.ca\/wp-content\/uploads\/2024\/03\/CTA_vulnerable_426x264.jpg 852w, https:\/\/araisa.ca\/wp-content\/uploads\/2024\/03\/CTA_vulnerable_426x264-300x186.jpg 300w, https:\/\/araisa.ca\/wp-content\/uploads\/2024\/03\/CTA_vulnerable_426x264-768x476.jpg 768w\" sizes=\"auto, (max-width: 852px) 100vw, 852px\" \/> \r\n            <\/a>\r\n\r\n            <div class=\"post-details\">\r\n                                \r\n\r\n                                      <ul class=\"postmeta\">\r\n                      \r\n                                              <li>\r\n                          <i class=\"fas fa-calendar\"><\/i> \r\n                          11 mars 2024                        <\/li>\r\n                                          <\/ul>\r\n                                    \r\n                  <h3>\r\n                  <a href=\"https:\/\/araisa.ca\/fr\/recherche-ethique-avec-les-communautes-vulnerables\/\" title=\"Recherche \u00e9thique avec les communaut\u00e9s vuln\u00e9rables\">\r\n                      Recherche \u00e9thique avec les communaut\u00e9s vuln\u00e9rables                    <\/a>\r\n                  <\/h3>\r\n\r\n                  Dans la chronique de ce mois-ci, Jason Chalmers s&rsquo;int\u00e9resse \u00e0 la recherche \u00e9thique et \u00e0 son importance.                  \r\n\r\n                              <\/div>\r\n          <\/div> \r\n\r\n                        <div class=\"read-more-wrapper\">\r\n                <a class=\"button read-more\" href=\"https:\/\/araisa.ca\/fr\/recherche-ethique-avec-les-communautes-vulnerables\/\">Read article<\/a>\r\n              <\/div>\r\n          \r\n        <\/div>\r\n\r\n      \r\n        <div class=\"post-thumb-wrapper\">\r\n          <div class=\"post-details-wrapper\">\r\n            <a href=\"https:\/\/araisa.ca\/fr\/mobilisation-des-connaissances-la-recherche-comme-experience-vecue\/\" title=\"Mobilisation des connaissances : La recherche comme exp\u00e9rience v\u00e9cue\">\r\n              <img loading=\"lazy\" decoding=\"async\" width=\"852\" height=\"528\" src=\"https:\/\/araisa.ca\/wp-content\/uploads\/2024\/02\/CTA_knowledge_426x264.jpg\" class=\"attachment-post-thumbnail size-post-thumbnail wp-post-image\" alt=\"\" srcset=\"https:\/\/araisa.ca\/wp-content\/uploads\/2024\/02\/CTA_knowledge_426x264.jpg 852w, https:\/\/araisa.ca\/wp-content\/uploads\/2024\/02\/CTA_knowledge_426x264-300x186.jpg 300w, https:\/\/araisa.ca\/wp-content\/uploads\/2024\/02\/CTA_knowledge_426x264-768x476.jpg 768w\" sizes=\"auto, (max-width: 852px) 100vw, 852px\" \/> \r\n            <\/a>\r\n\r\n            <div class=\"post-details\">\r\n                                \r\n\r\n                                      <ul class=\"postmeta\">\r\n                      \r\n                                              <li>\r\n                          <i class=\"fas fa-calendar\"><\/i> \r\n                          12 f\u00e9vrier 2024                        <\/li>\r\n                                          <\/ul>\r\n                                    \r\n                  <h3>\r\n                  <a href=\"https:\/\/araisa.ca\/fr\/mobilisation-des-connaissances-la-recherche-comme-experience-vecue\/\" title=\"Mobilisation des connaissances : La recherche comme exp\u00e9rience v\u00e9cue\">\r\n                      Mobilisation des connaissances : La recherche comme exp\u00e9rience v\u00e9cue                    <\/a>\r\n                  <\/h3>\r\n\r\n                  Dans cette rubrique, Jason Chalmers explore la mobilisation des connaissances (KM). Saviez-vous que les jardins communautaires sont des initiatives de\u2026                  \r\n\r\n                              <\/div>\r\n          <\/div> \r\n\r\n                        <div class=\"read-more-wrapper\">\r\n                <a class=\"button read-more\" href=\"https:\/\/araisa.ca\/fr\/mobilisation-des-connaissances-la-recherche-comme-experience-vecue\/\">Read article<\/a>\r\n              <\/div>\r\n          \r\n        <\/div>\r\n\r\n      \r\n              <\/div>\r\n      \r\n           \r\n    <\/div>\r\n\r\n<\/div>\n","protected":false},"excerpt":{"rendered":"<p>Tenez-vous au courant des derni\u00e8res nouvelles du secteur de l&rsquo;\u00e9tablissement et de l&rsquo;int\u00e9gration et des articles de blog de l&rsquo;\u00e9quipe&#8230;<\/p>\n","protected":false},"author":2,"featured_media":0,"parent":0,"menu_order":0,"comment_status":"closed","ping_status":"closed","template":"","meta":{"_acf_changed":false,"_EventAllDay":false,"_EventTimezone":"","_EventStartDate":"","_EventEndDate":"","_EventStartDateUTC":"","_EventEndDateUTC":"","_EventShowMap":false,"_EventShowMapLink":false,"_EventURL":"","_EventCost":"","_EventCostDescription":"","_EventCurrencySymbol":"","_EventCurrencyCode":"","_EventCurrencyPosition":"","_EventDateTimeSeparator":"","_EventTimeRangeSeparator":"","_EventOrganizerID":[],"_EventVenueID":[],"_OrganizerEmail":"","_OrganizerPhone":"","_OrganizerWebsite":"","_VenueAddress":"","_VenueCity":"","_VenueCountry":"","_VenueProvince":"","_VenueState":"","_VenueZip":"","_VenuePhone":"","_VenueURL":"","_VenueStateProvince":"","_VenueLat":"","_VenueLng":"","_VenueShowMap":false,"_VenueShowMapLink":false,"footnotes":""},"class_list":["post-600","page","type-page","status-publish","hentry"],"acf":[],"_links":{"self":[{"href":"https:\/\/araisa.ca\/fr\/wp-json\/wp\/v2\/pages\/600","targetHints":{"allow":["GET"]}}],"collection":[{"href":"https:\/\/araisa.ca\/fr\/wp-json\/wp\/v2\/pages"}],"about":[{"href":"https:\/\/araisa.ca\/fr\/wp-json\/wp\/v2\/types\/page"}],"author":[{"embeddable":true,"href":"https:\/\/araisa.ca\/fr\/wp-json\/wp\/v2\/users\/2"}],"replies":[{"embeddable":true,"href":"https:\/\/araisa.ca\/fr\/wp-json\/wp\/v2\/comments?post=600"}],"version-history":[{"count":0,"href":"https:\/\/araisa.ca\/fr\/wp-json\/wp\/v2\/pages\/600\/revisions"}],"wp:attachment":[{"href":"https:\/\/araisa.ca\/fr\/wp-json\/wp\/v2\/media?parent=600"}],"curies":[{"name":"wp","href":"https:\/\/api.w.org\/{rel}","templated":true}]}}